{"version":"1.0","provider_name":"Estelle Faye \u00e9crit des histoires","provider_url":"https:\/\/www.estellefaye.fr\/butitsmyonlyline","title":"Salon de Montreuil - Estelle Faye \u00e9crit des histoires","type":"rich","width":600,"height":338,"html":"<blockquote class=\"wp-embedded-content\" data-secret=\"Sh9nB7VL25\"><a href=\"https:\/\/www.estellefaye.fr\/butitsmyonlyline\/salon-de-montreuil-2\/\">Salon de Montreuil<\/a><\/blockquote><iframe sandbox=\"allow-scripts\" security=\"restricted\" src=\"https:\/\/www.estellefaye.fr\/butitsmyonlyline\/salon-de-montreuil-2\/embed\/#?secret=Sh9nB7VL25\" width=\"600\" height=\"338\" title=\"\u00ab\u00a0Salon de Montreuil\u00a0\u00bb &#8212; Estelle Faye \u00e9crit des histoires\" data-secret=\"Sh9nB7VL25\" frameborder=\"0\" marginwidth=\"0\" marginheight=\"0\" scrolling=\"no\" class=\"wp-embedded-content\"><\/iframe><script type=\"text\/javascript\">\n\/* <![CDATA[ *\/\n\/*! This file is auto-generated *\/\n!function(d,l){\"use strict\";l.querySelector&&d.addEventListener&&\"undefined\"!=typeof URL&&(d.wp=d.wp||{},d.wp.receiveEmbedMessage||(d.wp.receiveEmbedMessage=function(e){var t=e.data;if((t||t.secret||t.message||t.value)&&!\/[^a-zA-Z0-9]\/.test(t.secret)){for(var s,r,n,a=l.querySelectorAll('iframe[data-secret=\"'+t.secret+'\"]'),o=l.querySelectorAll('blockquote[data-secret=\"'+t.secret+'\"]'),c=new RegExp(\"^https?:$\",\"i\"),i=0;i<o.length;i++)o[i].style.display=\"none\";for(i=0;i<a.length;i++)s=a[i],e.source===s.contentWindow&&(s.removeAttribute(\"style\"),\"height\"===t.message?(1e3<(r=parseInt(t.value,10))?r=1e3:~~r<200&&(r=200),s.height=r):\"link\"===t.message&&(r=new URL(s.getAttribute(\"src\")),n=new URL(t.value),c.test(n.protocol))&&n.host===r.host&&l.activeElement===s&&(d.top.location.href=t.value))}},d.addEventListener(\"message\",d.wp.receiveEmbedMessage,!1),l.addEventListener(\"DOMContentLoaded\",function(){for(var e,t,s=l.querySelectorAll(\"iframe.wp-embedded-content\"),r=0;r<s.length;r++)(t=(e=s[r]).getAttribute(\"data-secret\"))||(t=Math.random().toString(36).substring(2,12),e.src+=\"#?secret=\"+t,e.setAttribute(\"data-secret\",t)),e.contentWindow.postMessage({message:\"ready\",secret:t},\"*\")},!1)))}(window,document);\n\/* ]]> *\/\n<\/script>\n","description":"Je serai en d\u00e9dicace au Salon du Livre Jeunesse de Montreuil, le vendredi 2 d\u00e9cembre de 18h30 \u00e0 20h, et le dimanche 4 d\u00e9cembre de 13 h \u00e0 14h 30, sur le stand de Scrineo bien s\u00fbr !","thumbnail_url":"https:\/\/www.estellefaye.fr\/butitsmyonlyline\/wp-catapulte\/uploads\/2016\/11\/Montreuil-2016-300x219.jpg"}