{"version":"1.0","provider_name":"Estelle Faye \u00e9crit des histoires","provider_url":"https:\/\/www.estellefaye.fr\/butitsmyonlyline","title":"Le D\u00e9fi de Yaran - Estelle Faye \u00e9crit des histoires","type":"rich","width":600,"height":338,"html":"<blockquote class=\"wp-embedded-content\" data-secret=\"Wf8dke68ke\"><a href=\"https:\/\/www.estellefaye.fr\/butitsmyonlyline\/petite-jeunesse\/le-defi-de-yaran\/\">Le D\u00e9fi de Yaran<\/a><\/blockquote><iframe sandbox=\"allow-scripts\" security=\"restricted\" src=\"https:\/\/www.estellefaye.fr\/butitsmyonlyline\/petite-jeunesse\/le-defi-de-yaran\/embed\/#?secret=Wf8dke68ke\" width=\"600\" height=\"338\" title=\"\u00ab\u00a0Le D\u00e9fi de Yaran\u00a0\u00bb &#8212; Estelle Faye \u00e9crit des histoires\" data-secret=\"Wf8dke68ke\" frameborder=\"0\" marginwidth=\"0\" marginheight=\"0\" scrolling=\"no\" class=\"wp-embedded-content\"><\/iframe><script type=\"text\/javascript\">\n\/* <![CDATA[ *\/\n\/*! This file is auto-generated *\/\n!function(d,l){\"use strict\";l.querySelector&&d.addEventListener&&\"undefined\"!=typeof URL&&(d.wp=d.wp||{},d.wp.receiveEmbedMessage||(d.wp.receiveEmbedMessage=function(e){var t=e.data;if((t||t.secret||t.message||t.value)&&!\/[^a-zA-Z0-9]\/.test(t.secret)){for(var s,r,n,a=l.querySelectorAll('iframe[data-secret=\"'+t.secret+'\"]'),o=l.querySelectorAll('blockquote[data-secret=\"'+t.secret+'\"]'),c=new RegExp(\"^https?:$\",\"i\"),i=0;i<o.length;i++)o[i].style.display=\"none\";for(i=0;i<a.length;i++)s=a[i],e.source===s.contentWindow&&(s.removeAttribute(\"style\"),\"height\"===t.message?(1e3<(r=parseInt(t.value,10))?r=1e3:~~r<200&&(r=200),s.height=r):\"link\"===t.message&&(r=new URL(s.getAttribute(\"src\")),n=new URL(t.value),c.test(n.protocol))&&n.host===r.host&&l.activeElement===s&&(d.top.location.href=t.value))}},d.addEventListener(\"message\",d.wp.receiveEmbedMessage,!1),l.addEventListener(\"DOMContentLoaded\",function(){for(var e,t,s=l.querySelectorAll(\"iframe.wp-embedded-content\"),r=0;r<s.length;r++)(t=(e=s[r]).getAttribute(\"data-secret\"))||(t=Math.random().toString(36).substring(2,12),e.src+=\"#?secret=\"+t,e.setAttribute(\"data-secret\",t)),e.contentWindow.postMessage({message:\"ready\",secret:t},\"*\")},!1)))}(window,document);\n\/* ]]> *\/\n<\/script>\n","description":"Dans l\u2019ar\u00e8ne de la Cit\u00e9 Claire, le jeune Yaran doit affronter une b\u00eate terrifiante, captur\u00e9e dans la lointaine Terre du Feu. Il en va de l\u2019honneur de son p\u00e8re, de son nom et du Palais qu\u2019il repr\u00e9sente. Mais Yaran a-t-il l\u2019\u00e9toffe d\u2019un h\u00e9ros ? &nbsp;","thumbnail_url":"https:\/\/www.estellefaye.fr\/butitsmyonlyline\/wp-catapulte\/uploads\/2024\/10\/28497_P1_xl-Copy.jpg"}