{"version":"1.0","provider_name":"Estelle Faye \u00e9crit des histoires","provider_url":"https:\/\/www.estellefaye.fr\/butitsmyonlyline","title":"On the road again : d\u00e9placements d'octobre - Estelle Faye \u00e9crit des histoires","type":"rich","width":600,"height":338,"html":"<blockquote class=\"wp-embedded-content\" data-secret=\"lGksCU3mW3\"><a href=\"https:\/\/www.estellefaye.fr\/butitsmyonlyline\/on-the-road-again-deplacements-doctobre\/\">On the road again : d\u00e9placements d&#8217;octobre<\/a><\/blockquote><iframe sandbox=\"allow-scripts\" security=\"restricted\" src=\"https:\/\/www.estellefaye.fr\/butitsmyonlyline\/on-the-road-again-deplacements-doctobre\/embed\/#?secret=lGksCU3mW3\" width=\"600\" height=\"338\" title=\"\u00ab\u00a0On the road again : d\u00e9placements d&#8217;octobre\u00a0\u00bb &#8212; Estelle Faye \u00e9crit des histoires\" data-secret=\"lGksCU3mW3\" frameborder=\"0\" marginwidth=\"0\" marginheight=\"0\" scrolling=\"no\" class=\"wp-embedded-content\"><\/iframe><script type=\"text\/javascript\">\n\/* <![CDATA[ *\/\n\/*! This file is auto-generated *\/\n!function(d,l){\"use strict\";l.querySelector&&d.addEventListener&&\"undefined\"!=typeof URL&&(d.wp=d.wp||{},d.wp.receiveEmbedMessage||(d.wp.receiveEmbedMessage=function(e){var t=e.data;if((t||t.secret||t.message||t.value)&&!\/[^a-zA-Z0-9]\/.test(t.secret)){for(var s,r,n,a=l.querySelectorAll('iframe[data-secret=\"'+t.secret+'\"]'),o=l.querySelectorAll('blockquote[data-secret=\"'+t.secret+'\"]'),c=new RegExp(\"^https?:$\",\"i\"),i=0;i<o.length;i++)o[i].style.display=\"none\";for(i=0;i<a.length;i++)s=a[i],e.source===s.contentWindow&&(s.removeAttribute(\"style\"),\"height\"===t.message?(1e3<(r=parseInt(t.value,10))?r=1e3:~~r<200&&(r=200),s.height=r):\"link\"===t.message&&(r=new URL(s.getAttribute(\"src\")),n=new URL(t.value),c.test(n.protocol))&&n.host===r.host&&l.activeElement===s&&(d.top.location.href=t.value))}},d.addEventListener(\"message\",d.wp.receiveEmbedMessage,!1),l.addEventListener(\"DOMContentLoaded\",function(){for(var e,t,s=l.querySelectorAll(\"iframe.wp-embedded-content\"),r=0;r<s.length;r++)(t=(e=s[r]).getAttribute(\"data-secret\"))||(t=Math.random().toString(36).substring(2,12),e.src+=\"#?secret=\"+t,e.setAttribute(\"data-secret\",t)),e.contentWindow.postMessage({message:\"ready\",secret:t},\"*\")},!1)))}(window,document);\n\/* ]]> *\/\n<\/script>\n","description":"L&#8217;automne, c&#8217;est une jolie saison pour voyager ! Ce mois-ci, je serai : le 7, aux Halliennales, un de mes salons favoris, le 13, \u00e0 la biblioth\u00e8que Rilke, la grande biblioth\u00e8que de SF et fantasy\u00a0 de Paris, pour parler villes et imaginaire, plus de d\u00e9tails ici. le 14, au V\u00e9sinet, dans la cadre d&#8217;une quinzaine [&hellip;]","thumbnail_url":"https:\/\/www.estellefaye.fr\/butitsmyonlyline\/wp-catapulte\/uploads\/2017\/10\/cr\u00e9pu-piti-300x200.jpg"}